{"id":104,"date":"2018-11-28T11:29:23","date_gmt":"2018-11-28T11:29:23","guid":{"rendered":"http:\/\/patient.reseau-amylose.org\/?page_id=98"},"modified":"2026-01-09T10:04:20","modified_gmt":"2026-01-09T09:04:20","slug":"ameliorer-la-qualite-de-vie-et-son-autonomie","status":"publish","type":"page","link":"https:\/\/reseau-amylose.org\/jesuispatient\/mieux-vivre-avec-son-amylose\/ameliorer-la-qualite-de-vie-et-son-autonomie\/","title":{"rendered":"Les Ateliers Qualit\u00e9 de vie AMYLO-PEP"},"content":{"rendered":"\t\t<div data-elementor-type=\"wp-post\" data-elementor-id=\"104\" class=\"elementor elementor-104\" data-elementor-post-type=\"page\">\n\t\t\t\t\t\t<section class=\"elementor-section elementor-top-section elementor-element elementor-element-5bd5e3d8 elementor-section-content-middle elementor-section-boxed elementor-section-height-default elementor-section-height-default\" data-id=\"5bd5e3d8\" data-element_type=\"section\" data-settings=\"{&quot;background_background&quot;:&quot;classic&quot;}\">\n\t\t\t\t\t\t<div class=\"elementor-container elementor-column-gap-no\">\n\t\t\t\t\t<div class=\"elementor-column elementor-col-100 elementor-top-column elementor-element elementor-element-5a157273\" data-id=\"5a157273\" data-element_type=\"column\">\n\t\t\t<div class=\"elementor-widget-wrap elementor-element-populated\">\n\t\t\t\t\t\t<div class=\"elementor-element elementor-element-2a45888 elementor-widget elementor-widget-heading\" data-id=\"2a45888\" data-element_type=\"widget\" data-widget_type=\"heading.default\">\n\t\t\t\t<div class=\"elementor-widget-container\">\n\t\t\t\t\t<h1 class=\"elementor-heading-title elementor-size-default\">\u00c9ducation th\u00e9rapeutique du patient : Qualit\u00e9 de vie AMYLO-PEP<\/h1>\t\t\t\t<\/div>\n\t\t\t\t<\/div>\n\t\t\t\t<div class=\"elementor-element elementor-element-17ba3374 elementor-widget-divider--view-line elementor-widget elementor-widget-divider\" data-id=\"17ba3374\" data-element_type=\"widget\" data-widget_type=\"divider.default\">\n\t\t\t\t<div class=\"elementor-widget-container\">\n\t\t\t\t\t\t\t<div class=\"elementor-divider\">\n\t\t\t<span class=\"elementor-divider-separator\">\n\t\t\t\t\t\t<\/span>\n\t\t<\/div>\n\t\t\t\t\t\t<\/div>\n\t\t\t\t<\/div>\n\t\t\t\t<div class=\"elementor-element elementor-element-45093ba7 elementor-widget elementor-widget-heading\" data-id=\"45093ba7\" data-element_type=\"widget\" data-widget_type=\"heading.default\">\n\t\t\t\t<div class=\"elementor-widget-container\">\n\t\t\t\t\t<h6 class=\"elementor-heading-title elementor-size-default\"><h2 class=\"elementor-heading-title elementor-size-large elementor-inline-editing pen\" data-elementor-setting-key=\"title\" data-pen-placeholder=\"\u00c9crivez ici...\">Comprendre et apprendre \u00e0 mieux g\u00e9rer sa maladie<\/h2><\/h6>\t\t\t\t<\/div>\n\t\t\t\t<\/div>\n\t\t\t\t\t<\/div>\n\t\t<\/div>\n\t\t\t\t\t<\/div>\n\t\t<\/section>\n\t\t\t\t<section class=\"elementor-section elementor-top-section elementor-element elementor-element-0071dda elementor-section-boxed elementor-section-height-default elementor-section-height-default\" data-id=\"0071dda\" data-element_type=\"section\">\n\t\t\t\t\t\t<div class=\"elementor-container elementor-column-gap-default\">\n\t\t\t\t\t<div class=\"elementor-column elementor-col-100 elementor-top-column elementor-element elementor-element-8097415\" data-id=\"8097415\" data-element_type=\"column\">\n\t\t\t<div class=\"elementor-widget-wrap elementor-element-populated\">\n\t\t\t\t\t\t<div class=\"elementor-element elementor-element-c5c4fa8 elementor-widget elementor-widget-text-editor\" data-id=\"c5c4fa8\" data-element_type=\"widget\" data-widget_type=\"text-editor.default\">\n\t\t\t\t<div class=\"elementor-widget-container\">\n\t\t\t\t\t\t\t\t\t<h6><span style=\"color: #000000\">L\u2019amylose, sa gestion, ainsi que celle de vos traitements au quotidien, impactent votre autonomie et modifient vos besoins. Afin de vous aider \u00e0 vous adapter \u00e0 ces changements, de r\u00e9pondre \u00e0 vos besoins au quotidien et de vous permettre de vous r\u00e9approprier vos soins, les ateliers collectifs Amylo-PEP \/ \u00c9ducation th\u00e9rapeutique du patient : Qualit\u00e9 de vie AMYLO-PEP, Amylo\u00efdosis Patient Education Program ont \u00e9t\u00e9 accr\u00e9dit\u00e9s par l\u2019ARS (Agence R\u00e9gionale de Sant\u00e9) et ont d\u00e9but\u00e9 en 2017 sous la responsabilit\u00e9 du Docteur Soulef GUENDOUZ. Ce programme a \u00e9t\u00e9 soutenu par l&rsquo;Association Fran\u00e7aise des patients contre l&rsquo;Amylose. En pr\u00e9venant les complications gr\u00e2ce \u00e0 la pr\u00e9vention et en vous proposant d\u2019\u00eatre acteur de votre sant\u00e9, les ateliers visent \u00e0 diminuer l&rsquo;impact de votre maladie sur votre qualit\u00e9 de vie et celle de votre famille, de vos aidants, ainsi qu\u2019\u00e0 une am\u00e9lioration ou au maintien de votre autonomie. Vous avez la possibilit\u00e9 de participer \u00e0 ces ateliers lors de votre hospitalisation ou de vous rendre \u00e0 notre Centre de r\u00e9f\u00e9rence pour y participer sur simple demande aupr\u00e8s des coordinatrices.<\/span><\/h6>\t\t\t\t\t\t\t\t<\/div>\n\t\t\t\t<\/div>\n\t\t\t\t\t<\/div>\n\t\t<\/div>\n\t\t\t\t\t<\/div>\n\t\t<\/section>\n\t\t\t\t<section class=\"elementor-section elementor-top-section elementor-element elementor-element-6bd62e5 elementor-section-boxed elementor-section-height-default elementor-section-height-default\" data-id=\"6bd62e5\" data-element_type=\"section\">\n\t\t\t\t\t\t<div class=\"elementor-container elementor-column-gap-default\">\n\t\t\t\t\t<div class=\"elementor-column elementor-col-50 elementor-top-column elementor-element elementor-element-895264e\" data-id=\"895264e\" data-element_type=\"column\">\n\t\t\t<div class=\"elementor-widget-wrap elementor-element-populated\">\n\t\t\t\t\t\t<div class=\"elementor-element elementor-element-afcfd8b elementor-widget elementor-widget-image\" data-id=\"afcfd8b\" data-element_type=\"widget\" data-widget_type=\"image.default\">\n\t\t\t\t<div class=\"elementor-widget-container\">\n\t\t\t\t\t\t\t\t\t\t\t\t\t\t\t<img fetchpriority=\"high\" decoding=\"async\" width=\"737\" height=\"449\" src=\"https:\/\/reseau-amylose.org\/jesuispatient\/wp-content\/uploads\/sites\/2\/2020\/11\/AMYLOpep.jpg\" class=\"attachment-large size-large wp-image-2430\" alt=\"\" srcset=\"https:\/\/reseau-amylose.org\/jesuispatient\/wp-content\/uploads\/sites\/2\/2020\/11\/AMYLOpep.jpg 737w, https:\/\/reseau-amylose.org\/jesuispatient\/wp-content\/uploads\/sites\/2\/2020\/11\/AMYLOpep-300x183.jpg 300w\" sizes=\"(max-width: 737px) 100vw, 737px\" \/>\t\t\t\t\t\t\t\t\t\t\t\t\t\t\t<\/div>\n\t\t\t\t<\/div>\n\t\t\t\t\t<\/div>\n\t\t<\/div>\n\t\t\t\t<div class=\"elementor-column elementor-col-50 elementor-top-column elementor-element elementor-element-be0d2ab\" data-id=\"be0d2ab\" data-element_type=\"column\">\n\t\t\t<div class=\"elementor-widget-wrap elementor-element-populated\">\n\t\t\t\t\t\t<div class=\"elementor-element elementor-element-bcb8cec elementor-widget elementor-widget-text-editor\" data-id=\"bcb8cec\" data-element_type=\"widget\" data-widget_type=\"text-editor.default\">\n\t\t\t\t<div class=\"elementor-widget-container\">\n\t\t\t\t\t\t\t\t\t<h6><strong><span style=\"color: #4db8f0\">Am\u00e9liorer la qualit\u00e9 de vie des patients et des aidants : les ateliers AMYLO-PEP<\/span><\/strong><\/h6><p><em><span style=\"color: #4db8f0\">Julie POMPOUGNAC<\/span><\/em><\/p>\t\t\t\t\t\t\t\t<\/div>\n\t\t\t\t<\/div>\n\t\t\t\t<div class=\"elementor-element elementor-element-8a24b8c elementor-widget elementor-widget-video\" data-id=\"8a24b8c\" data-element_type=\"widget\" data-settings=\"{&quot;youtube_url&quot;:&quot;https:\\\/\\\/www.youtube.com\\\/watch?v=R1uGm7KKQn0&amp;ab_channel=R%C3%A9seauAmylose&quot;,&quot;video_type&quot;:&quot;youtube&quot;,&quot;controls&quot;:&quot;yes&quot;}\" data-widget_type=\"video.default\">\n\t\t\t\t<div class=\"elementor-widget-container\">\n\t\t\t\t\t\t\t<div class=\"elementor-wrapper elementor-open-inline\">\n\t\t\t<div class=\"elementor-video\"><\/div>\t\t<\/div>\n\t\t\t\t\t\t<\/div>\n\t\t\t\t<\/div>\n\t\t\t\t\t<\/div>\n\t\t<\/div>\n\t\t\t\t\t<\/div>\n\t\t<\/section>\n\t\t\t\t<section class=\"elementor-section elementor-top-section elementor-element elementor-element-1d3dee0 elementor-section-boxed elementor-section-height-default elementor-section-height-default\" data-id=\"1d3dee0\" data-element_type=\"section\">\n\t\t\t\t\t\t<div class=\"elementor-container elementor-column-gap-default\">\n\t\t\t\t\t<div class=\"elementor-column elementor-col-50 elementor-top-column elementor-element elementor-element-5e400ec\" data-id=\"5e400ec\" data-element_type=\"column\">\n\t\t\t<div class=\"elementor-widget-wrap elementor-element-populated\">\n\t\t\t\t\t\t<div class=\"elementor-element elementor-element-3998659 elementor-widget elementor-widget-text-editor\" data-id=\"3998659\" data-element_type=\"widget\" data-widget_type=\"text-editor.default\">\n\t\t\t\t<div class=\"elementor-widget-container\">\n\t\t\t\t\t\t\t\t\t<h6><span style=\"color: #000000\">Nous\u00a0 vous pr\u00e9senterons le programme des ateliers collectifs auxquels vous pourrez vous inscrire librement, apr\u00e8s avoir \u00e9valu\u00e9 avec nous vos besoins et choisi les ateliers qui correspondent le mieux \u00e0 vos attentes.<\/span><\/h6><div>\u00a0<\/div><h5><span style=\"color: #000000\"><strong>Joindre l&rsquo;\u00e9quipe de coordination Amylo-PEP:<\/strong><\/span><\/h5><h5><span style=\"color: #000000\"><strong>T\u00e9l : 01 49 81 28 16 <br \/><\/strong><\/span><\/h5><h5><span style=\"color: #000000\"><strong>@ : amylo.pep@gmail.com<\/strong><\/span><\/h5><div>\u00a0<\/div><h6><span style=\"color: #000000\">Julie POMPOUGNAC, psychologue, coordinatrice Amylo-PEP;<\/span><\/h6><h6><span style=\"color: #000000\">\u00a0Steven MAUPOU, infirmier coordinateur;<\/span><\/h6><h6><span style=\"color: #000000\">\u00a0Carole HENRION, coordinatrice amylose;<\/span><\/h6><h6><span style=\"color: #000000\">\u00a0Isabelle VALLAT, secr\u00e9taire du Centre de r\u00e9f\u00e9rence amyloses-cardiaques;<\/span><\/h6><h6><span style=\"color: #000000\">\u00a0Dr Soulef GUENDOUZ, cardiologue, responsable Amylo-PEP;<\/span><\/h6><h6><span style=\"color: #000000\">\u00a0Anabel Moreira, cadre de soins, Unit\u00e9 Insuffisance cardiaque-amylose.<\/span><\/h6>\t\t\t\t\t\t\t\t<\/div>\n\t\t\t\t<\/div>\n\t\t\t\t\t<\/div>\n\t\t<\/div>\n\t\t\t\t<div class=\"elementor-column elementor-col-50 elementor-top-column elementor-element elementor-element-a8adc9d\" data-id=\"a8adc9d\" data-element_type=\"column\">\n\t\t\t<div class=\"elementor-widget-wrap elementor-element-populated\">\n\t\t\t\t\t\t<div class=\"elementor-element elementor-element-5e899ad elementor-widget elementor-widget-text-editor\" data-id=\"5e899ad\" data-element_type=\"widget\" data-widget_type=\"text-editor.default\">\n\t\t\t\t<div class=\"elementor-widget-container\">\n\t\t\t\t\t\t\t\t\t<h6>\u00a0<\/h6><h6><strong><span style=\"color: #4db8f0\">Programme d&rsquo;\u00e9ducation th\u00e9rapeutique &#8211; Am\u00e9lioration de la qualit\u00e9 de vie<\/span><\/strong><\/h6><p><em><span style=\"color: #4db8f0\">Soulef GUENDOUZ<\/span><\/em><\/p>\t\t\t\t\t\t\t\t<\/div>\n\t\t\t\t<\/div>\n\t\t\t\t<div class=\"elementor-element elementor-element-10a1637 elementor-widget elementor-widget-video\" data-id=\"10a1637\" data-element_type=\"widget\" data-settings=\"{&quot;youtube_url&quot;:&quot;https:\\\/\\\/www.youtube.com\\\/watch?v=WM2snSvrMjo&amp;ab_channel=R%C3%A9seauAmylose&quot;,&quot;video_type&quot;:&quot;youtube&quot;,&quot;controls&quot;:&quot;yes&quot;}\" data-widget_type=\"video.default\">\n\t\t\t\t<div class=\"elementor-widget-container\">\n\t\t\t\t\t\t\t<div class=\"elementor-wrapper elementor-open-inline\">\n\t\t\t<div class=\"elementor-video\"><\/div>\t\t<\/div>\n\t\t\t\t\t\t<\/div>\n\t\t\t\t<\/div>\n\t\t\t\t\t<\/div>\n\t\t<\/div>\n\t\t\t\t\t<\/div>\n\t\t<\/section>\n\t\t\t\t<section class=\"elementor-section elementor-top-section elementor-element elementor-element-1c7ef4c elementor-section-boxed elementor-section-height-default elementor-section-height-default\" data-id=\"1c7ef4c\" data-element_type=\"section\">\n\t\t\t\t\t\t<div class=\"elementor-container elementor-column-gap-default\">\n\t\t\t\t\t<div class=\"elementor-column elementor-col-100 elementor-top-column elementor-element elementor-element-46c9380\" data-id=\"46c9380\" data-element_type=\"column\">\n\t\t\t<div class=\"elementor-widget-wrap elementor-element-populated\">\n\t\t\t\t\t\t<div class=\"elementor-element elementor-element-c067da0 elementor-widget elementor-widget-text-editor\" data-id=\"c067da0\" data-element_type=\"widget\" data-widget_type=\"text-editor.default\">\n\t\t\t\t<div class=\"elementor-widget-container\">\n\t\t\t\t\t\t\t\t\t<h6><span style=\"color: #000000\">Le programme Amylo-PEP propose des ateliers d&rsquo;\u00e9ducation th\u00e9rapeutique destin\u00e9s aux patients atteints d&rsquo;amylose ainsi qu&rsquo;\u00e0 leur famille et leurs aidants, quel que soit le type d&rsquo;amylose (AL, h\u00e9r\u00e9ditaire, TTR s\u00e9nile).<\/span><\/h6>\t\t\t\t\t\t\t\t<\/div>\n\t\t\t\t<\/div>\n\t\t\t\t<div class=\"elementor-element elementor-element-7975c04 elementor-widget elementor-widget-image\" data-id=\"7975c04\" data-element_type=\"widget\" data-widget_type=\"image.default\">\n\t\t\t\t<div class=\"elementor-widget-container\">\n\t\t\t\t\t\t\t\t\t\t\t\t\t\t\t<img decoding=\"async\" width=\"768\" height=\"1086\" src=\"https:\/\/reseau-amylose.org\/jesuispatient\/wp-content\/uploads\/sites\/2\/2021\/11\/VISUEL-ateliers-amylopep-2022-copie-2-1-768x1086.jpg\" class=\"attachment-medium_large size-medium_large wp-image-3345\" alt=\"\" srcset=\"https:\/\/reseau-amylose.org\/jesuispatient\/wp-content\/uploads\/sites\/2\/2021\/11\/VISUEL-ateliers-amylopep-2022-copie-2-1-768x1086.jpg 768w, https:\/\/reseau-amylose.org\/jesuispatient\/wp-content\/uploads\/sites\/2\/2021\/11\/VISUEL-ateliers-amylopep-2022-copie-2-1-212x300.jpg 212w, https:\/\/reseau-amylose.org\/jesuispatient\/wp-content\/uploads\/sites\/2\/2021\/11\/VISUEL-ateliers-amylopep-2022-copie-2-1-724x1024.jpg 724w, https:\/\/reseau-amylose.org\/jesuispatient\/wp-content\/uploads\/sites\/2\/2021\/11\/VISUEL-ateliers-amylopep-2022-copie-2-1-1086x1536.jpg 1086w, https:\/\/reseau-amylose.org\/jesuispatient\/wp-content\/uploads\/sites\/2\/2021\/11\/VISUEL-ateliers-amylopep-2022-copie-2-1-1448x2048.jpg 1448w, https:\/\/reseau-amylose.org\/jesuispatient\/wp-content\/uploads\/sites\/2\/2021\/11\/VISUEL-ateliers-amylopep-2022-copie-2-1-scaled.jpg 1810w\" sizes=\"(max-width: 768px) 100vw, 768px\" \/>\t\t\t\t\t\t\t\t\t\t\t\t\t\t\t<\/div>\n\t\t\t\t<\/div>\n\t\t\t\t\t<\/div>\n\t\t<\/div>\n\t\t\t\t\t<\/div>\n\t\t<\/section>\n\t\t\t\t<section class=\"elementor-section elementor-top-section elementor-element elementor-element-224aadf elementor-section-boxed elementor-section-height-default elementor-section-height-default\" data-id=\"224aadf\" data-element_type=\"section\">\n\t\t\t\t\t\t<div class=\"elementor-container elementor-column-gap-default\">\n\t\t\t\t\t<div class=\"elementor-column elementor-col-100 elementor-top-column elementor-element elementor-element-a453898\" data-id=\"a453898\" data-element_type=\"column\">\n\t\t\t<div class=\"elementor-widget-wrap elementor-element-populated\">\n\t\t\t\t\t\t<div class=\"elementor-element elementor-element-c93866f elementor-widget elementor-widget-heading\" data-id=\"c93866f\" data-element_type=\"widget\" data-widget_type=\"heading.default\">\n\t\t\t\t<div class=\"elementor-widget-container\">\n\t\t\t\t\t<h2 class=\"elementor-heading-title elementor-size-default\">Consultez les s\u00e9ances du programme \u00c9ducation th\u00e9rapeutique du patient : Qualit\u00e9 de vie AMYLO-PEP<\/h2>\t\t\t\t<\/div>\n\t\t\t\t<\/div>\n\t\t\t\t\t<\/div>\n\t\t<\/div>\n\t\t\t\t\t<\/div>\n\t\t<\/section>\n\t\t\t\t<section class=\"elementor-section elementor-top-section elementor-element elementor-element-0fd8c55 elementor-section-boxed elementor-section-height-default elementor-section-height-default\" data-id=\"0fd8c55\" data-element_type=\"section\">\n\t\t\t\t\t\t<div class=\"elementor-container elementor-column-gap-default\">\n\t\t\t\t\t<div class=\"elementor-column elementor-col-50 elementor-top-column elementor-element elementor-element-8ac16c5\" data-id=\"8ac16c5\" data-element_type=\"column\">\n\t\t\t<div class=\"elementor-widget-wrap elementor-element-populated\">\n\t\t\t\t\t\t<div class=\"elementor-element elementor-element-974cba2 elementor-widget elementor-widget-image\" data-id=\"974cba2\" data-element_type=\"widget\" data-widget_type=\"image.default\">\n\t\t\t\t<div class=\"elementor-widget-container\">\n\t\t\t\t\t\t\t\t\t\t\t\t\t\t\t<img decoding=\"async\" width=\"854\" height=\"734\" src=\"https:\/\/reseau-amylose.org\/jesuispatient\/wp-content\/uploads\/sites\/2\/2026\/01\/AMYLOPEP.jpg\" class=\"attachment-large size-large wp-image-4353\" alt=\"les-ateliers-qualite-de-vie-AMYLOPEP\" srcset=\"https:\/\/reseau-amylose.org\/jesuispatient\/wp-content\/uploads\/sites\/2\/2026\/01\/AMYLOPEP.jpg 854w, https:\/\/reseau-amylose.org\/jesuispatient\/wp-content\/uploads\/sites\/2\/2026\/01\/AMYLOPEP-300x258.jpg 300w, https:\/\/reseau-amylose.org\/jesuispatient\/wp-content\/uploads\/sites\/2\/2026\/01\/AMYLOPEP-768x660.jpg 768w\" sizes=\"(max-width: 854px) 100vw, 854px\" \/>\t\t\t\t\t\t\t\t\t\t\t\t\t\t\t<\/div>\n\t\t\t\t<\/div>\n\t\t\t\t\t<\/div>\n\t\t<\/div>\n\t\t\t\t<div class=\"elementor-column elementor-col-50 elementor-top-column elementor-element elementor-element-8f1d6a6\" data-id=\"8f1d6a6\" data-element_type=\"column\">\n\t\t\t<div class=\"elementor-widget-wrap elementor-element-populated\">\n\t\t\t\t\t\t<div class=\"elementor-element elementor-element-362c5b2 elementor-widget elementor-widget-image\" data-id=\"362c5b2\" data-element_type=\"widget\" data-widget_type=\"image.default\">\n\t\t\t\t<div class=\"elementor-widget-container\">\n\t\t\t\t\t\t\t\t\t\t\t\t\t\t\t<img loading=\"lazy\" decoding=\"async\" width=\"854\" height=\"770\" src=\"https:\/\/reseau-amylose.org\/jesuispatient\/wp-content\/uploads\/sites\/2\/2026\/01\/AmyloPEP2.jpg\" class=\"attachment-large size-large wp-image-4354\" alt=\"les-ateliers-qualite-de-vie-AMYLOPEP-2\" srcset=\"https:\/\/reseau-amylose.org\/jesuispatient\/wp-content\/uploads\/sites\/2\/2026\/01\/AmyloPEP2.jpg 854w, https:\/\/reseau-amylose.org\/jesuispatient\/wp-content\/uploads\/sites\/2\/2026\/01\/AmyloPEP2-300x270.jpg 300w, https:\/\/reseau-amylose.org\/jesuispatient\/wp-content\/uploads\/sites\/2\/2026\/01\/AmyloPEP2-768x692.jpg 768w\" sizes=\"(max-width: 854px) 100vw, 854px\" \/>\t\t\t\t\t\t\t\t\t\t\t\t\t\t\t<\/div>\n\t\t\t\t<\/div>\n\t\t\t\t\t<\/div>\n\t\t<\/div>\n\t\t\t\t\t<\/div>\n\t\t<\/section>\n\t\t\t\t<section class=\"elementor-section elementor-top-section elementor-element elementor-element-13e9563 elementor-section-boxed elementor-section-height-default elementor-section-height-default\" data-id=\"13e9563\" data-element_type=\"section\">\n\t\t\t\t\t\t<div class=\"elementor-container elementor-column-gap-default\">\n\t\t\t\t\t<div class=\"elementor-column elementor-col-100 elementor-top-column elementor-element elementor-element-792d1cc\" data-id=\"792d1cc\" data-element_type=\"column\">\n\t\t\t<div class=\"elementor-widget-wrap elementor-element-populated\">\n\t\t\t\t\t\t<div class=\"elementor-element elementor-element-78e65a2 elementor-widget elementor-widget-heading\" data-id=\"78e65a2\" data-element_type=\"widget\" data-widget_type=\"heading.default\">\n\t\t\t\t<div class=\"elementor-widget-container\">\n\t\t\t\t\t<h2 class=\"elementor-heading-title elementor-size-default\">Descriptif du programme \u00c9ducation th\u00e9rapeutique du patient : Qualit\u00e9 de vie AMYLO-PEP<\/h2>\t\t\t\t<\/div>\n\t\t\t\t<\/div>\n\t\t\t\t\t<\/div>\n\t\t<\/div>\n\t\t\t\t\t<\/div>\n\t\t<\/section>\n\t\t\t\t<section class=\"elementor-section elementor-top-section elementor-element elementor-element-f8c8201 elementor-section-boxed elementor-section-height-default elementor-section-height-default\" data-id=\"f8c8201\" data-element_type=\"section\">\n\t\t\t\t\t\t<div class=\"elementor-container elementor-column-gap-default\">\n\t\t\t\t\t<div class=\"elementor-column elementor-col-100 elementor-top-column elementor-element elementor-element-e8e6ce8\" data-id=\"e8e6ce8\" data-element_type=\"column\">\n\t\t\t<div class=\"elementor-widget-wrap elementor-element-populated\">\n\t\t\t\t\t\t<div class=\"elementor-element elementor-element-9837efe elementor-widget elementor-widget-text-editor\" data-id=\"9837efe\" data-element_type=\"widget\" data-widget_type=\"text-editor.default\">\n\t\t\t\t<div class=\"elementor-widget-container\">\n\t\t\t\t\t\t\t\t\t<p><strong>L\u2019autohypnose<\/strong> <strong>une ressource clef pour le patient<\/strong>, anim\u00e9 par Carine Pin, infirmi\u00e8re form\u00e9e \u00e0 l\u2019hypnose m\u00e9dicale. L\u2019atelier d\u2019autohypnose est un moment de d\u00e9tente et de relaxation partag\u00e9 avec d\u2019autres patients hospitalis\u00e9s. L\u2019objectif est d\u2019apprendre des techniques simples d\u2019autohypnose afin de se soulager des maux li\u00e9s \u00e0 la maladie (douleurs, fatigue, stress, insomnies li\u00e9e au stress&#8230;)<\/p><p><strong>Mieux comprendre l\u2019amylose cardiaque et ses traitements<\/strong>, anim\u00e9 par Steven Maupou, infirmier coordonnateur. Echanger autour des causes et des r\u00e9percussions de l\u2019insuffisance cardiaque associ\u00e9es \u00e0 l\u2019amylose. D\u00e9couvrir le r\u00f4le des diff\u00e9rents traitements de l\u2019insuffisance cardiaque. Comment agir pour \u00e9viter l\u2019aggravation de votre \u00e9tat de sant\u00e9.<\/p><p><strong>Mon alimentation et l\u2019amylose, pr\u00e9venir la perte de poids<\/strong>, anim\u00e9 par Julien Gautier, Cassandre Th\u00e9venot, Di\u00e9t\u00e9ticiens. C\u2019est un moment pour partager ensemble ses difficult\u00e9s alimentaires et acqu\u00e9rir des comp\u00e9tences pour lutter contre ses difficult\u00e9s et leurs cons\u00e9quences. L\u2019amylose, l\u2019insuffisance cardiaque et mon alimentation, anim\u00e9 par Karine B\u00e9chir, Di\u00e9t\u00e9ticienne. Savoir g\u00e9rer une alimentation peu sal\u00e9e tout en essayant d\u2019allier plaisir et saveur.<\/p><p><strong> Amylose TTR, une histoire de famille<\/strong>: anim\u00e9 par B\u00e9r\u00e9nice Hebrard, conseill\u00e8re en g\u00e9n\u00e9tique. Avec la participation de Julie Pompougnac, psychologue. L\u2019atelier vous permet de d\u00e9couvrir les notionsclefs de la g\u00e9n\u00e9tique pour mieux comprendre la transmission de la maladie dans votre famille.<\/p><p><strong>Ateliers pour les aidants : Vivre avec l\u2019amylose au quotidien<\/strong>, anim\u00e9 par Julie Pompougnac, Psychologue et Jean-Fran\u00e7ois Mercuriot, Aidant ressource et intervenant, membre de l\u2019Association Fran\u00e7aise contre l\u2019Amylose. Partager son v\u00e9cu quotidien d\u2019aidant avec l\u2019amylose et l\u2019insuffisance cardiaque de son proche. Partager son exp\u00e9rience et ses ressources avec d\u2019autres aidants (famille et proches accompagnant le patient au quotidien). Atelier r\u00e9serv\u00e9 aux aidants<\/p><p><strong>L\u2019insuffisance cardiaque, l\u2019amylose et Moi<\/strong>, anim\u00e9 par Julie Pompougnac, psychologue. Partager son v\u00e9cu avec l\u2019amylose et l\u2019insuffisance cardiaque au quotidien. Rencontrer d\u2019autres patients et partager son exp\u00e9rience et ses ressources. Atelier r\u00e9serv\u00e9 aux patients<\/p><p><strong>Automassage Do In pour tous<\/strong>, anim\u00e9 par Julie Pompougnac, Psychologue et Sp\u00e9cialiste en Shiatsu. L\u2019atelier Do In est un moment de d\u00e9tente et de relaxation partag\u00e9 avec d\u2019autres patients hospitalis\u00e9s. L\u2019objectif est d\u2019apprendre une pratique d\u2019automassage reproductible au quotidien. Au quotidien, l\u2019automassage DO IN peut se pratiquer le matin en guise d\u2019\u00e9veil, avant un \u00e9v\u00e9nement n\u00e9cessitant de la concentration et de l\u2019attention, ou le soir en pr\u00e9paration du sommeil.<\/p>\t\t\t\t\t\t\t\t<\/div>\n\t\t\t\t<\/div>\n\t\t\t\t\t<\/div>\n\t\t<\/div>\n\t\t\t\t\t<\/div>\n\t\t<\/section>\n\t\t\t\t<section class=\"elementor-section elementor-top-section elementor-element elementor-element-25baa69 elementor-section-boxed elementor-section-height-default elementor-section-height-default\" data-id=\"25baa69\" data-element_type=\"section\">\n\t\t\t\t\t\t<div class=\"elementor-container elementor-column-gap-default\">\n\t\t\t\t\t<div class=\"elementor-column elementor-col-50 elementor-top-column elementor-element elementor-element-5335534\" data-id=\"5335534\" data-element_type=\"column\">\n\t\t\t<div class=\"elementor-widget-wrap elementor-element-populated\">\n\t\t\t\t\t\t<div class=\"elementor-element elementor-element-2bd2e19 elementor-widget elementor-widget-text-editor\" data-id=\"2bd2e19\" data-element_type=\"widget\" data-widget_type=\"text-editor.default\">\n\t\t\t\t<div class=\"elementor-widget-container\">\n\t\t\t\t\t\t\t\t\t<h6><span style=\"color: #000000\">Ces ateliers vous permettent d\u2019\u00e9changer des informations avec d\u2019autres patients et aidants ainsi qu\u2019avec nos diff\u00e9rents intervenants dans un cadre convivial, autour des sympt\u00f4mes de l\u2019amylose, de leur prise en charge, de leur r\u00e9\u00e9ducation, des traitements, de l\u2019alimentation, de leur gestion au quotidien et de la pr\u00e9vention des risques. Ils sont anim\u00e9s par des intervenants form\u00e9s et sp\u00e9cialistes des sujets abord\u00e9s : infirmi\u00e8res, di\u00e9t\u00e9ticiens, m\u00e9decins, conseill\u00e8re en g\u00e9n\u00e9tique, ergoth\u00e9rapeute, \u00e9ducateur sportif\u2026<\/span><\/h6>\t\t\t\t\t\t\t\t<\/div>\n\t\t\t\t<\/div>\n\t\t\t\t\t<\/div>\n\t\t<\/div>\n\t\t\t\t<div class=\"elementor-column elementor-col-50 elementor-top-column elementor-element elementor-element-7a60fa1\" data-id=\"7a60fa1\" data-element_type=\"column\">\n\t\t\t<div class=\"elementor-widget-wrap elementor-element-populated\">\n\t\t\t\t\t\t<div class=\"elementor-element elementor-element-26f7db7 elementor-widget elementor-widget-image\" data-id=\"26f7db7\" data-element_type=\"widget\" data-widget_type=\"image.default\">\n\t\t\t\t<div class=\"elementor-widget-container\">\n\t\t\t\t\t\t\t\t\t\t\t\t\t\t\t<img loading=\"lazy\" decoding=\"async\" width=\"1024\" height=\"636\" src=\"https:\/\/reseau-amylose.org\/jesuispatient\/wp-content\/uploads\/sites\/2\/2020\/11\/Capture-de\u0301cran-2020-11-17-a\u0300-17.03.31-copie-2-1-1024x636.jpg\" class=\"attachment-large size-large wp-image-2466\" alt=\"\" srcset=\"https:\/\/reseau-amylose.org\/jesuispatient\/wp-content\/uploads\/sites\/2\/2020\/11\/Capture-de\u0301cran-2020-11-17-a\u0300-17.03.31-copie-2-1-1024x636.jpg 1024w, https:\/\/reseau-amylose.org\/jesuispatient\/wp-content\/uploads\/sites\/2\/2020\/11\/Capture-de\u0301cran-2020-11-17-a\u0300-17.03.31-copie-2-1-300x186.jpg 300w, https:\/\/reseau-amylose.org\/jesuispatient\/wp-content\/uploads\/sites\/2\/2020\/11\/Capture-de\u0301cran-2020-11-17-a\u0300-17.03.31-copie-2-1-768x477.jpg 768w, https:\/\/reseau-amylose.org\/jesuispatient\/wp-content\/uploads\/sites\/2\/2020\/11\/Capture-de\u0301cran-2020-11-17-a\u0300-17.03.31-copie-2-1-1536x955.jpg 1536w, https:\/\/reseau-amylose.org\/jesuispatient\/wp-content\/uploads\/sites\/2\/2020\/11\/Capture-de\u0301cran-2020-11-17-a\u0300-17.03.31-copie-2-1-2048x1273.jpg 2048w, https:\/\/reseau-amylose.org\/jesuispatient\/wp-content\/uploads\/sites\/2\/2020\/11\/Capture-de\u0301cran-2020-11-17-a\u0300-17.03.31-copie-2-1-1568x974.jpg 1568w\" sizes=\"(max-width: 1024px) 100vw, 1024px\" \/>\t\t\t\t\t\t\t\t\t\t\t\t\t\t\t<\/div>\n\t\t\t\t<\/div>\n\t\t\t\t<div class=\"elementor-element elementor-element-1e365dd elementor-widget elementor-widget-heading\" data-id=\"1e365dd\" data-element_type=\"widget\" data-widget_type=\"heading.default\">\n\t\t\t\t<div class=\"elementor-widget-container\">\n\t\t\t\t\t<div class=\"elementor-heading-title elementor-size-default\">\"L'amylose, l'insuffisance cardiaque et mon alimentation. Bien manger en \u00e9quilibrant les apports en sel dans mon alimentation.\" Karine BECHIR, Di\u00e9t\u00e9ticienne<\/div>\t\t\t\t<\/div>\n\t\t\t\t<\/div>\n\t\t\t\t\t<\/div>\n\t\t<\/div>\n\t\t\t\t\t<\/div>\n\t\t<\/section>\n\t\t\t\t<section class=\"elementor-section elementor-top-section elementor-element elementor-element-6eeda93 elementor-section-boxed elementor-section-height-default elementor-section-height-default\" data-id=\"6eeda93\" data-element_type=\"section\">\n\t\t\t\t\t\t<div class=\"elementor-container elementor-column-gap-default\">\n\t\t\t\t\t<div class=\"elementor-column elementor-col-50 elementor-top-column elementor-element elementor-element-e221ff4\" data-id=\"e221ff4\" data-element_type=\"column\">\n\t\t\t<div class=\"elementor-widget-wrap elementor-element-populated\">\n\t\t\t\t\t\t<div class=\"elementor-element elementor-element-7b5e90c elementor-widget elementor-widget-image\" data-id=\"7b5e90c\" data-element_type=\"widget\" data-widget_type=\"image.default\">\n\t\t\t\t<div class=\"elementor-widget-container\">\n\t\t\t\t\t\t\t\t\t\t\t\t\t\t\t<img loading=\"lazy\" decoding=\"async\" width=\"849\" height=\"629\" src=\"https:\/\/reseau-amylose.org\/jesuispatient\/wp-content\/uploads\/sites\/2\/2020\/11\/sphere.png\" class=\"attachment-large size-large wp-image-2446\" alt=\"\" srcset=\"https:\/\/reseau-amylose.org\/jesuispatient\/wp-content\/uploads\/sites\/2\/2020\/11\/sphere.png 849w, https:\/\/reseau-amylose.org\/jesuispatient\/wp-content\/uploads\/sites\/2\/2020\/11\/sphere-300x222.png 300w, https:\/\/reseau-amylose.org\/jesuispatient\/wp-content\/uploads\/sites\/2\/2020\/11\/sphere-768x569.png 768w\" sizes=\"(max-width: 849px) 100vw, 849px\" \/>\t\t\t\t\t\t\t\t\t\t\t\t\t\t\t<\/div>\n\t\t\t\t<\/div>\n\t\t\t\t<div class=\"elementor-element elementor-element-600dd6c elementor-widget elementor-widget-text-editor\" data-id=\"600dd6c\" data-element_type=\"widget\" data-widget_type=\"text-editor.default\">\n\t\t\t\t<div class=\"elementor-widget-container\">\n\t\t\t\t\t\t\t\t\t<p style=\"text-align: center\"><span style=\"color: #000000\">\u00ab\u00a0De la douleur \u00e0 la douceur, mon quotidien avec l&rsquo;autohypnose\u00a0\u00bb V\u00e9ronique MERCIER, S\u00e9verine RAYER infirmi\u00e8res IBODE. <\/span><\/p><p><span style=\"color: #000000\">L&rsquo;auto-hypnose un nouvel apprentissage, une exp\u00e9rience utile pour m&rsquo;aider \u00e0 mieux g\u00e9rer mon stress et ou ma douleur au quotidien.\u00a0<\/span><\/p>\t\t\t\t\t\t\t\t<\/div>\n\t\t\t\t<\/div>\n\t\t\t\t\t<\/div>\n\t\t<\/div>\n\t\t\t\t<div class=\"elementor-column elementor-col-50 elementor-top-column elementor-element elementor-element-fe5c9ce\" data-id=\"fe5c9ce\" data-element_type=\"column\">\n\t\t\t<div class=\"elementor-widget-wrap elementor-element-populated\">\n\t\t\t\t\t\t<div class=\"elementor-element elementor-element-89e3938 elementor-widget elementor-widget-text-editor\" data-id=\"89e3938\" data-element_type=\"widget\" data-widget_type=\"text-editor.default\">\n\t\t\t\t<div class=\"elementor-widget-container\">\n\t\t\t\t\t\t\t\t\t<h6><span style=\"color: #000000\">Parmi ces ateliers, nous vous proposons \u00e9galement de participer aux temps d\u2019\u00e9change et d\u2019expression avec notre psychologue.<\/span><\/h6><h6><span style=\"color: #000000\">L\u2019atelier d\u2019autohypnose anim\u00e9 par des infirmi\u00e8res form\u00e9es \u00e0 cette approche psychocorporelle, vous invite \u00e0 d\u00e9couvrir des techniques pouvant vous aider \u00e0 mieux g\u00e9rer la douleur et le stress.<\/span><\/h6><h6><span style=\"color: #000000\">Vous pouvez \u00e9galement partager un moment de d\u00e9tente et de relaxation tout en apprenant une technique d&rsquo;automassage praticable au quotidien, en participant \u00e0 l&rsquo;atelier d&rsquo;auto-massage DO IN encadr\u00e9 par des professionnels.<\/span><\/h6>\t\t\t\t\t\t\t\t<\/div>\n\t\t\t\t<\/div>\n\t\t\t\t<div class=\"elementor-element elementor-element-d8747eb elementor-widget elementor-widget-video\" data-id=\"d8747eb\" data-element_type=\"widget\" data-settings=\"{&quot;youtube_url&quot;:&quot;https:\\\/\\\/www.youtube.com\\\/watch?v=WFrVO2pGFx8&amp;ab_channel=R%C3%A9seauAmylose&quot;,&quot;video_type&quot;:&quot;youtube&quot;,&quot;controls&quot;:&quot;yes&quot;}\" data-widget_type=\"video.default\">\n\t\t\t\t<div class=\"elementor-widget-container\">\n\t\t\t\t\t\t\t<div class=\"elementor-wrapper elementor-open-inline\">\n\t\t\t<div class=\"elementor-video\"><\/div>\t\t<\/div>\n\t\t\t\t\t\t<\/div>\n\t\t\t\t<\/div>\n\t\t\t\t\t<\/div>\n\t\t<\/div>\n\t\t\t\t\t<\/div>\n\t\t<\/section>\n\t\t\t\t<section class=\"elementor-section elementor-top-section elementor-element elementor-element-6cc8f06 elementor-section-boxed elementor-section-height-default elementor-section-height-default\" data-id=\"6cc8f06\" data-element_type=\"section\">\n\t\t\t\t\t\t<div class=\"elementor-container elementor-column-gap-default\">\n\t\t\t\t\t<div class=\"elementor-column elementor-col-50 elementor-top-column elementor-element elementor-element-7a70c5e\" data-id=\"7a70c5e\" data-element_type=\"column\">\n\t\t\t<div class=\"elementor-widget-wrap elementor-element-populated\">\n\t\t\t\t\t\t<div class=\"elementor-element elementor-element-c795818 elementor-widget elementor-widget-text-editor\" data-id=\"c795818\" data-element_type=\"widget\" data-widget_type=\"text-editor.default\">\n\t\t\t\t<div class=\"elementor-widget-container\">\n\t\t\t\t\t\t\t\t\t<h6><strong><span style=\"color: #4db8f0\">Atelier Education th\u00e9rapeutique \u00ab\u00a0Nutrition\u00a0\u00bb &#8211; Am\u00e9lioration de la qualit\u00e9 de vie\u00a0<\/span><\/strong><\/h6><p><em><span style=\"color: #4db8f0\">Julien GAUTIER et Claire TR\u00c9MOLI\u00c8RES, <\/span><\/em><em><span style=\"color: #4db8f0\">Di\u00e9t\u00e9ticiens<\/span><\/em><\/p>\t\t\t\t\t\t\t\t<\/div>\n\t\t\t\t<\/div>\n\t\t\t\t<div class=\"elementor-element elementor-element-25567ef elementor-widget elementor-widget-video\" data-id=\"25567ef\" data-element_type=\"widget\" data-settings=\"{&quot;youtube_url&quot;:&quot;https:\\\/\\\/youtu.be\\\/dG3acoO5mEQ&quot;,&quot;video_type&quot;:&quot;youtube&quot;,&quot;controls&quot;:&quot;yes&quot;}\" data-widget_type=\"video.default\">\n\t\t\t\t<div class=\"elementor-widget-container\">\n\t\t\t\t\t\t\t<div class=\"elementor-wrapper elementor-open-inline\">\n\t\t\t<div class=\"elementor-video\"><\/div>\t\t<\/div>\n\t\t\t\t\t\t<\/div>\n\t\t\t\t<\/div>\n\t\t\t\t\t<\/div>\n\t\t<\/div>\n\t\t\t\t<div class=\"elementor-column elementor-col-50 elementor-top-column elementor-element elementor-element-2376b86\" data-id=\"2376b86\" data-element_type=\"column\">\n\t\t\t<div class=\"elementor-widget-wrap elementor-element-populated\">\n\t\t\t\t\t\t<div class=\"elementor-element elementor-element-6d665f1 elementor-widget elementor-widget-image\" data-id=\"6d665f1\" data-element_type=\"widget\" data-widget_type=\"image.default\">\n\t\t\t\t<div class=\"elementor-widget-container\">\n\t\t\t\t\t\t\t\t\t\t\t\t\t\t\t<img loading=\"lazy\" decoding=\"async\" width=\"551\" height=\"405\" src=\"https:\/\/reseau-amylose.org\/jesuispatient\/wp-content\/uploads\/sites\/2\/2020\/11\/alimentation.png\" class=\"attachment-large size-large wp-image-2474\" alt=\"\" srcset=\"https:\/\/reseau-amylose.org\/jesuispatient\/wp-content\/uploads\/sites\/2\/2020\/11\/alimentation.png 551w, https:\/\/reseau-amylose.org\/jesuispatient\/wp-content\/uploads\/sites\/2\/2020\/11\/alimentation-300x221.png 300w\" sizes=\"(max-width: 551px) 100vw, 551px\" \/>\t\t\t\t\t\t\t\t\t\t\t\t\t\t\t<\/div>\n\t\t\t\t<\/div>\n\t\t\t\t<div class=\"elementor-element elementor-element-b84780a elementor-widget elementor-widget-text-editor\" data-id=\"b84780a\" data-element_type=\"widget\" data-widget_type=\"text-editor.default\">\n\t\t\t\t<div class=\"elementor-widget-container\">\n\t\t\t\t\t\t\t\t\t<p style=\"text-align: center\"><span style=\"color: #000000\">\u00ab\u00a0Mon alimentation dans l&rsquo;amylose, pr\u00e9venir la perte de poids\u00a0\u00bb Partager ensemble ses difficult\u00e9s alimentaires et acqu\u00e9rir des comp\u00e9tences pour lutter contre ces difficult\u00e9s et leurs cons\u00e9quences. Claire TR\u00c9MOLI\u00c8RES, Julien GAUTIER, Di\u00e9t\u00e9ticiens<\/span><\/p>\t\t\t\t\t\t\t\t<\/div>\n\t\t\t\t<\/div>\n\t\t\t\t\t<\/div>\n\t\t<\/div>\n\t\t\t\t\t<\/div>\n\t\t<\/section>\n\t\t\t\t<section class=\"elementor-section elementor-top-section elementor-element elementor-element-6f28873 elementor-section-boxed elementor-section-height-default elementor-section-height-default\" data-id=\"6f28873\" data-element_type=\"section\">\n\t\t\t\t\t\t<div class=\"elementor-container elementor-column-gap-default\">\n\t\t\t\t\t<div class=\"elementor-column elementor-col-50 elementor-top-column elementor-element elementor-element-41f2285\" data-id=\"41f2285\" data-element_type=\"column\">\n\t\t\t<div class=\"elementor-widget-wrap elementor-element-populated\">\n\t\t\t\t\t\t<div class=\"elementor-element elementor-element-a77b90d elementor-widget elementor-widget-image\" data-id=\"a77b90d\" data-element_type=\"widget\" data-widget_type=\"image.default\">\n\t\t\t\t<div class=\"elementor-widget-container\">\n\t\t\t\t\t\t\t\t\t\t\t\t\t\t\t<img loading=\"lazy\" decoding=\"async\" width=\"685\" height=\"514\" src=\"https:\/\/reseau-amylose.org\/jesuispatient\/wp-content\/uploads\/sites\/2\/2020\/11\/diet.jpg\" class=\"attachment-large size-large wp-image-2478\" alt=\"\" srcset=\"https:\/\/reseau-amylose.org\/jesuispatient\/wp-content\/uploads\/sites\/2\/2020\/11\/diet.jpg 685w, https:\/\/reseau-amylose.org\/jesuispatient\/wp-content\/uploads\/sites\/2\/2020\/11\/diet-300x225.jpg 300w\" sizes=\"(max-width: 685px) 100vw, 685px\" \/>\t\t\t\t\t\t\t\t\t\t\t\t\t\t\t<\/div>\n\t\t\t\t<\/div>\n\t\t\t\t<div class=\"elementor-element elementor-element-cfa42fe elementor-widget elementor-widget-text-editor\" data-id=\"cfa42fe\" data-element_type=\"widget\" data-widget_type=\"text-editor.default\">\n\t\t\t\t<div class=\"elementor-widget-container\">\n\t\t\t\t\t\t\t\t\t<p><span style=\"color: #000000\">S\u00e9bastien QUINTON et Morgane HUBAILLE, di\u00e9t\u00e9ticiens. <\/span><\/p><p style=\"text-align: center\"><span style=\"color: #000000\">\u00ab\u00a0Que puis-je manger apr\u00e8s la greffe?\u00a0\u00bb Maintenir le plaisir de manger en faisant le lien entre mon alimentation et mes traitements apr\u00e8s la greffe. <\/span><\/p>\t\t\t\t\t\t\t\t<\/div>\n\t\t\t\t<\/div>\n\t\t\t\t\t<\/div>\n\t\t<\/div>\n\t\t\t\t<div class=\"elementor-column elementor-col-50 elementor-top-column elementor-element elementor-element-890e354\" data-id=\"890e354\" data-element_type=\"column\">\n\t\t\t<div class=\"elementor-widget-wrap elementor-element-populated\">\n\t\t\t\t\t\t<div class=\"elementor-element elementor-element-4d5b293 elementor-widget elementor-widget-image\" data-id=\"4d5b293\" data-element_type=\"widget\" data-widget_type=\"image.default\">\n\t\t\t\t<div class=\"elementor-widget-container\">\n\t\t\t\t\t\t\t\t\t\t\t\t\t\t\t<img loading=\"lazy\" decoding=\"async\" width=\"1024\" height=\"950\" src=\"https:\/\/reseau-amylose.org\/jesuispatient\/wp-content\/uploads\/sites\/2\/2020\/11\/tableau.jpg\" class=\"attachment-large size-large wp-image-2480\" alt=\"\" srcset=\"https:\/\/reseau-amylose.org\/jesuispatient\/wp-content\/uploads\/sites\/2\/2020\/11\/tableau.jpg 1024w, https:\/\/reseau-amylose.org\/jesuispatient\/wp-content\/uploads\/sites\/2\/2020\/11\/tableau-300x278.jpg 300w, https:\/\/reseau-amylose.org\/jesuispatient\/wp-content\/uploads\/sites\/2\/2020\/11\/tableau-768x713.jpg 768w\" sizes=\"(max-width: 1024px) 100vw, 1024px\" \/>\t\t\t\t\t\t\t\t\t\t\t\t\t\t\t<\/div>\n\t\t\t\t<\/div>\n\t\t\t\t<div class=\"elementor-element elementor-element-a6941a9 elementor-widget elementor-widget-text-editor\" data-id=\"a6941a9\" data-element_type=\"widget\" data-widget_type=\"text-editor.default\">\n\t\t\t\t<div class=\"elementor-widget-container\">\n\t\t\t\t\t\t\t\t\t<p style=\"text-align: center\"><span style=\"color: #000000\">\u00ab\u00a0G\u00e9rer mon traitement par chimioth\u00e9rapie, mon alimentation et mon amylose AL au quotidien\u00a0\u00bb. <\/span><\/p><p><span style=\"color: #000000\">Comprendre les causes de votre amylose AL, ainsi que le d\u00e9roulement du traitement par chimioth\u00e9rapie. Comment agir dans la vie de tous les jours pour eviter les possibles effets secondaires et mieux manger avec ma chimioth\u00e9rapie. <\/span><\/p>\t\t\t\t\t\t\t\t<\/div>\n\t\t\t\t<\/div>\n\t\t\t\t\t<\/div>\n\t\t<\/div>\n\t\t\t\t\t<\/div>\n\t\t<\/section>\n\t\t\t\t<section class=\"elementor-section elementor-top-section elementor-element elementor-element-bd4b873 elementor-section-boxed elementor-section-height-default elementor-section-height-default\" data-id=\"bd4b873\" data-element_type=\"section\">\n\t\t\t\t\t\t<div class=\"elementor-container elementor-column-gap-default\">\n\t\t\t\t\t<div class=\"elementor-column elementor-col-50 elementor-top-column elementor-element elementor-element-ec227b6\" data-id=\"ec227b6\" data-element_type=\"column\">\n\t\t\t<div class=\"elementor-widget-wrap elementor-element-populated\">\n\t\t\t\t\t\t<div class=\"elementor-element elementor-element-7094304 elementor-widget elementor-widget-image\" data-id=\"7094304\" data-element_type=\"widget\" data-widget_type=\"image.default\">\n\t\t\t\t<div class=\"elementor-widget-container\">\n\t\t\t\t\t\t\t\t\t\t\t\t\t\t\t<img loading=\"lazy\" decoding=\"async\" width=\"530\" height=\"706\" src=\"https:\/\/reseau-amylose.org\/jesuispatient\/wp-content\/uploads\/sites\/2\/2020\/11\/automassage.jpg\" class=\"attachment-large size-large wp-image-2482\" alt=\"\" srcset=\"https:\/\/reseau-amylose.org\/jesuispatient\/wp-content\/uploads\/sites\/2\/2020\/11\/automassage.jpg 530w, https:\/\/reseau-amylose.org\/jesuispatient\/wp-content\/uploads\/sites\/2\/2020\/11\/automassage-225x300.jpg 225w\" sizes=\"(max-width: 530px) 100vw, 530px\" \/>\t\t\t\t\t\t\t\t\t\t\t\t\t\t\t<\/div>\n\t\t\t\t<\/div>\n\t\t\t\t<div class=\"elementor-element elementor-element-416bb70 elementor-widget elementor-widget-text-editor\" data-id=\"416bb70\" data-element_type=\"widget\" data-widget_type=\"text-editor.default\">\n\t\t\t\t<div class=\"elementor-widget-container\">\n\t\t\t\t\t\t\t\t\t<p style=\"text-align: center\"><span style=\"color: #000000\">\u00ab\u00a0Auto-massage DO-IN\u00a0\u00bb Jacques LAURENT, sp\u00e9cialiste et formateur en Shiatsu<\/span><\/p>\t\t\t\t\t\t\t\t<\/div>\n\t\t\t\t<\/div>\n\t\t\t\t\t<\/div>\n\t\t<\/div>\n\t\t\t\t<div class=\"elementor-column elementor-col-50 elementor-top-column elementor-element elementor-element-bdc78dd\" data-id=\"bdc78dd\" data-element_type=\"column\">\n\t\t\t<div class=\"elementor-widget-wrap elementor-element-populated\">\n\t\t\t\t\t\t<div class=\"elementor-element elementor-element-41c4e12 elementor-widget elementor-widget-image\" data-id=\"41c4e12\" data-element_type=\"widget\" data-widget_type=\"image.default\">\n\t\t\t\t<div class=\"elementor-widget-container\">\n\t\t\t\t\t\t\t\t\t\t\t\t\t\t\t<img loading=\"lazy\" decoding=\"async\" width=\"606\" height=\"779\" src=\"https:\/\/reseau-amylose.org\/jesuispatient\/wp-content\/uploads\/sites\/2\/2020\/11\/do-in.jpg\" class=\"attachment-large size-large wp-image-2484\" alt=\"\" srcset=\"https:\/\/reseau-amylose.org\/jesuispatient\/wp-content\/uploads\/sites\/2\/2020\/11\/do-in.jpg 606w, https:\/\/reseau-amylose.org\/jesuispatient\/wp-content\/uploads\/sites\/2\/2020\/11\/do-in-233x300.jpg 233w\" sizes=\"(max-width: 606px) 100vw, 606px\" \/>\t\t\t\t\t\t\t\t\t\t\t\t\t\t\t<\/div>\n\t\t\t\t<\/div>\n\t\t\t\t<div class=\"elementor-element elementor-element-660d5cf elementor-widget elementor-widget-text-editor\" data-id=\"660d5cf\" data-element_type=\"widget\" data-widget_type=\"text-editor.default\">\n\t\t\t\t<div class=\"elementor-widget-container\">\n\t\t\t\t\t\t\t\t\t<p style=\"text-align: center\"><span style=\"color: #000000\">\u00ab\u00a0Auto-massage DO-IN\u00a0\u00bb Partager un moment de d\u00e9tente et de relaxation, apprendre une technique d&rsquo;auto-massage praticable au quotidien\u00a0\u00bb; Elisabeth LACASCADE, sp\u00e9cialiste et formatrice en Shiatsu<\/span><\/p>\t\t\t\t\t\t\t\t<\/div>\n\t\t\t\t<\/div>\n\t\t\t\t\t<\/div>\n\t\t<\/div>\n\t\t\t\t\t<\/div>\n\t\t<\/section>\n\t\t\t\t<section class=\"elementor-section elementor-top-section elementor-element elementor-element-201f4af5 elementor-section-boxed elementor-section-height-default elementor-section-height-default\" data-id=\"201f4af5\" data-element_type=\"section\">\n\t\t\t\t\t\t<div class=\"elementor-container elementor-column-gap-default\">\n\t\t\t\t\t<div class=\"elementor-column elementor-col-100 elementor-top-column elementor-element elementor-element-1a666808\" data-id=\"1a666808\" data-element_type=\"column\">\n\t\t\t<div class=\"elementor-widget-wrap elementor-element-populated\">\n\t\t\t\t\t\t<div class=\"elementor-element elementor-element-2cfad17 elementor-widget elementor-widget-heading\" data-id=\"2cfad17\" data-element_type=\"widget\" data-widget_type=\"heading.default\">\n\t\t\t\t<div class=\"elementor-widget-container\">\n\t\t\t\t\t<h3 class=\"elementor-heading-title elementor-size-default\">Les ateliers d'\u00e9ducation th\u00e9rapeutique - Qualit\u00e9 de vie<\/h3>\t\t\t\t<\/div>\n\t\t\t\t<\/div>\n\t\t\t\t<div class=\"elementor-element elementor-element-10d72ea4 elementor-widget elementor-widget-text-editor\" data-id=\"10d72ea4\" data-element_type=\"widget\" data-widget_type=\"text-editor.default\">\n\t\t\t\t<div class=\"elementor-widget-container\">\n\t\t\t\t\t\t\t\t\t<h6>La gestion de votre maladie et de vos traitements au quotidien, impactent votre autonomie et modifient vos besoins. Afin de vous aider \u00e0 vous adapter \u00e0 ces changements, de vous transmettre les informations utiles \u00e0 la compr\u00e9hension de votre maladie et de ses traitements ainsi que de vous faciliter la gestion de votre maladie au quotidien, les membres de l\u2019\u00e9quipe du Centre de r\u00e9f\u00e9rence amyloses cardiaques, soignants et intervenants, sp\u00e9cialistes, param\u00e9dicaux, techniciens, patients ressource et aidants ressource\u2026 vous informent et vous accompagnent tout au long de votre parcours de soins. Ils vous proposent, au fil des ateliers collectifs Amylo-PEP (Amylo\u00efdosis Patient Education Program) de devenir acteur de votre sant\u00e9 et de pr\u00e9venir les complications li\u00e9es \u00e0 votre amylose.<\/h6>\t\t\t\t\t\t\t\t<\/div>\n\t\t\t\t<\/div>\n\t\t\t\t<div class=\"elementor-element elementor-element-8a17152 elementor-align-center elementor-widget elementor-widget-button\" data-id=\"8a17152\" data-element_type=\"widget\" data-widget_type=\"button.default\">\n\t\t\t\t<div class=\"elementor-widget-container\">\n\t\t\t\t\t\t\t\t\t<div class=\"elementor-button-wrapper\">\n\t\t\t\t\t<a class=\"elementor-button elementor-button-link elementor-size-md\" href=\"https:\/\/www.reseau-amylose.org\/jesuispatient\/triptyques-du-centre-de-reference-des-amyloses-cardiaques-chu-henri-mondor\/\">\n\t\t\t\t\t\t<span class=\"elementor-button-content-wrapper\">\n\t\t\t\t\t\t\t\t\t<span class=\"elementor-button-text\">T\u00e9l\u00e9chargez le triptyque - Am\u00e9liorer la qualit\u00e9 de vie<\/span>\n\t\t\t\t\t<\/span>\n\t\t\t\t\t<\/a>\n\t\t\t\t<\/div>\n\t\t\t\t\t\t\t\t<\/div>\n\t\t\t\t<\/div>\n\t\t\t\t\t<\/div>\n\t\t<\/div>\n\t\t\t\t\t<\/div>\n\t\t<\/section>\n\t\t\t\t<section class=\"elementor-section elementor-top-section elementor-element elementor-element-8765607 elementor-section-boxed elementor-section-height-default elementor-section-height-default\" data-id=\"8765607\" data-element_type=\"section\">\n\t\t\t\t\t\t<div class=\"elementor-container elementor-column-gap-default\">\n\t\t\t\t\t<div class=\"elementor-column elementor-col-50 elementor-top-column elementor-element elementor-element-295e98e\" data-id=\"295e98e\" data-element_type=\"column\">\n\t\t\t<div class=\"elementor-widget-wrap elementor-element-populated\">\n\t\t\t\t\t\t<div class=\"elementor-element elementor-element-727613f elementor-widget elementor-widget-text-editor\" data-id=\"727613f\" data-element_type=\"widget\" data-widget_type=\"text-editor.default\">\n\t\t\t\t<div class=\"elementor-widget-container\">\n\t\t\t\t\t\t\t\t\t<h5><span style=\"color: #000000\">Consultez l&rsquo;article de pr\u00e9sentation des ateliers AMYLO-PEP<\/span><\/h5>\t\t\t\t\t\t\t\t<\/div>\n\t\t\t\t<\/div>\n\t\t\t\t\t<\/div>\n\t\t<\/div>\n\t\t\t\t<div class=\"elementor-column elementor-col-50 elementor-top-column elementor-element elementor-element-d3f242b\" data-id=\"d3f242b\" data-element_type=\"column\">\n\t\t\t<div class=\"elementor-widget-wrap elementor-element-populated\">\n\t\t\t\t\t\t<div class=\"elementor-element elementor-element-e93eaa2 elementor-align-center elementor-widget elementor-widget-button\" data-id=\"e93eaa2\" data-element_type=\"widget\" data-widget_type=\"button.default\">\n\t\t\t\t<div class=\"elementor-widget-container\">\n\t\t\t\t\t\t\t\t\t<div class=\"elementor-button-wrapper\">\n\t\t\t\t\t<a class=\"elementor-button elementor-button-link elementor-size-md\" href=\"https:\/\/landings.sbc28.com\/60f570f711ce621bb201212d\/aM5lEUL-QmWkI0W8CBGh9Q\/landing.htmlhttps:\/\/www.reseau-amylose.org\/jesuispatient\/triptyques-du-centre-de-reference-des-amyloses-cardiaques-chu-henri-mondor\/\" target=\"_blank\">\n\t\t\t\t\t\t<span class=\"elementor-button-content-wrapper\">\n\t\t\t\t\t\t\t\t\t<span class=\"elementor-button-text\">Cliquez ici<\/span>\n\t\t\t\t\t<\/span>\n\t\t\t\t\t<\/a>\n\t\t\t\t<\/div>\n\t\t\t\t\t\t\t\t<\/div>\n\t\t\t\t<\/div>\n\t\t\t\t\t<\/div>\n\t\t<\/div>\n\t\t\t\t\t<\/div>\n\t\t<\/section>\n\t\t\t\t<section class=\"elementor-section elementor-top-section elementor-element elementor-element-7716cc87 elementor-section-boxed elementor-section-height-default elementor-section-height-default\" data-id=\"7716cc87\" data-element_type=\"section\">\n\t\t\t\t\t\t<div class=\"elementor-container elementor-column-gap-default\">\n\t\t\t\t\t<div class=\"elementor-column elementor-col-100 elementor-top-column elementor-element elementor-element-7d829cc0\" data-id=\"7d829cc0\" data-element_type=\"column\">\n\t\t\t<div class=\"elementor-widget-wrap elementor-element-populated\">\n\t\t\t\t\t\t<div class=\"elementor-element elementor-element-4f99227e elementor-widget elementor-widget-image\" data-id=\"4f99227e\" data-element_type=\"widget\" data-widget_type=\"image.default\">\n\t\t\t\t<div class=\"elementor-widget-container\">\n\t\t\t\t\t\t\t\t\t\t\t\t\t\t\t\t<a href=\"http:\/\/reseau-amylose.org\/patient\/wp-content\/uploads\/2019\/01\/APEC.jpg\" data-elementor-open-lightbox=\"yes\" data-e-action-hash=\"#elementor-action%3Aaction%3Dlightbox%26settings%3DeyJpZCI6Ijg0MyIsInVybCI6ZmFsc2V9\">\n\t\t\t\t\t\t\t<img decoding=\"async\" src=\"http:\/\/reseau-amylose.org\/patient\/wp-content\/uploads\/2019\/01\/APEC.jpg\" title=\"\" alt=\"\" loading=\"lazy\" \/>\t\t\t\t\t\t\t\t<\/a>\n\t\t\t\t\t\t\t\t\t\t\t\t\t\t\t<\/div>\n\t\t\t\t<\/div>\n\t\t\t\t\t<\/div>\n\t\t<\/div>\n\t\t\t\t\t<\/div>\n\t\t<\/section>\n\t\t\t\t<section class=\"elementor-section elementor-top-section elementor-element elementor-element-97b559b elementor-section-boxed elementor-section-height-default elementor-section-height-default\" data-id=\"97b559b\" data-element_type=\"section\">\n\t\t\t\t\t\t<div class=\"elementor-container elementor-column-gap-default\">\n\t\t\t\t\t<div class=\"elementor-column elementor-col-100 elementor-top-column elementor-element elementor-element-981389b\" data-id=\"981389b\" data-element_type=\"column\">\n\t\t\t<div class=\"elementor-widget-wrap elementor-element-populated\">\n\t\t\t\t\t\t<div class=\"elementor-element elementor-element-1048523 elementor-widget elementor-widget-heading\" data-id=\"1048523\" data-element_type=\"widget\" data-widget_type=\"heading.default\">\n\t\t\t\t<div class=\"elementor-widget-container\">\n\t\t\t\t\t<h3 class=\"elementor-heading-title elementor-size-default\">AMYLO-PEP mis \u00e0 l'honneur par l'Association Fran\u00e7aise Contre l'Amylose<\/h3>\t\t\t\t<\/div>\n\t\t\t\t<\/div>\n\t\t\t\t\t<\/div>\n\t\t<\/div>\n\t\t\t\t\t<\/div>\n\t\t<\/section>\n\t\t\t\t<section class=\"elementor-section elementor-top-section elementor-element elementor-element-b034487 elementor-section-boxed elementor-section-height-default elementor-section-height-default\" data-id=\"b034487\" data-element_type=\"section\">\n\t\t\t\t\t\t<div class=\"elementor-container elementor-column-gap-default\">\n\t\t\t\t\t<div class=\"elementor-column elementor-col-66 elementor-top-column elementor-element elementor-element-a2dc060\" data-id=\"a2dc060\" data-element_type=\"column\">\n\t\t\t<div class=\"elementor-widget-wrap elementor-element-populated\">\n\t\t\t\t\t\t<div class=\"elementor-element elementor-element-e3b5379 elementor-cta--skin-cover elementor-animated-content elementor-bg-transform elementor-bg-transform-zoom-in elementor-widget elementor-widget-call-to-action\" data-id=\"e3b5379\" data-element_type=\"widget\" data-widget_type=\"call-to-action.default\">\n\t\t\t\t<div class=\"elementor-widget-container\">\n\t\t\t\t\t\t\t<a class=\"elementor-cta\" href=\"https:\/\/www.reseau-amylose.org\/jesuispatient\/storage\/sites\/11\/2021\/03\/Article-de-lAFCA-sur-AmyloPEP-2021.pptx\">\n\t\t\t\t\t<div class=\"elementor-cta__bg-wrapper\">\n\t\t\t\t<div class=\"elementor-cta__bg elementor-bg\" style=\"background-image: url(https:\/\/reseau-amylose.org\/jesuispatient\/wp-content\/uploads\/sites\/2\/2021\/03\/Capture-de\u0301cran-2021-03-11-a\u0300-11.11.35.png);\" role=\"img\" aria-label=\"Capture d\u2019e\u0301cran 2021-03-11 a\u0300 11.11.35\"><\/div>\n\t\t\t\t<div class=\"elementor-cta__bg-overlay\"><\/div>\n\t\t\t<\/div>\n\t\t\t\t\t\t\t<div class=\"elementor-cta__content\">\n\t\t\t\t\n\t\t\t\t\t\t\t\t\t<h2 class=\"elementor-cta__title elementor-cta__content-item elementor-content-item elementor-animated-item--grow\">\n\t\t\t\t\t\tT\u00e9l\u00e9charger l'article\t\t\t\t\t<\/h2>\n\t\t\t\t\n\t\t\t\t\n\t\t\t\t\t\t\t\t\t<div class=\"elementor-cta__button-wrapper elementor-cta__content-item elementor-content-item elementor-animated-item--grow\">\n\t\t\t\t\t<span class=\"elementor-cta__button elementor-button elementor-size-md\">\n\t\t\t\t\t\tCliquer ici\t\t\t\t\t<\/span>\n\t\t\t\t\t<\/div>\n\t\t\t\t\t\t\t<\/div>\n\t\t\t\t\t\t<\/a>\n\t\t\t\t\t\t<\/div>\n\t\t\t\t<\/div>\n\t\t\t\t\t<\/div>\n\t\t<\/div>\n\t\t\t\t<div class=\"elementor-column elementor-col-33 elementor-top-column elementor-element elementor-element-0524d62\" data-id=\"0524d62\" data-element_type=\"column\">\n\t\t\t<div class=\"elementor-widget-wrap elementor-element-populated\">\n\t\t\t\t\t\t<div class=\"elementor-element elementor-element-15fd0e7 elementor-cta--skin-cover elementor-animated-content elementor-bg-transform elementor-bg-transform-zoom-in elementor-widget elementor-widget-call-to-action\" data-id=\"15fd0e7\" data-element_type=\"widget\" data-widget_type=\"call-to-action.default\">\n\t\t\t\t<div class=\"elementor-widget-container\">\n\t\t\t\t\t\t\t<a class=\"elementor-cta\" href=\"https:\/\/amylose.asso.fr\/\">\n\t\t\t\t\t<div class=\"elementor-cta__bg-wrapper\">\n\t\t\t\t<div class=\"elementor-cta__bg elementor-bg\" style=\"background-image: url();\" role=\"img\" aria-label=\"\"><\/div>\n\t\t\t\t<div class=\"elementor-cta__bg-overlay\"><\/div>\n\t\t\t<\/div>\n\t\t\t\t\t\t\t<div class=\"elementor-cta__content\">\n\t\t\t\t\n\t\t\t\t\t\t\t\t\t<h2 class=\"elementor-cta__title elementor-cta__content-item elementor-content-item elementor-animated-item--grow\">\n\t\t\t\t\t\t \t\t\t\t\t<\/h2>\n\t\t\t\t\n\t\t\t\t\n\t\t\t\t\t\t\t<\/div>\n\t\t\t\t\t\t<\/a>\n\t\t\t\t\t\t<\/div>\n\t\t\t\t<\/div>\n\t\t\t\t\t<\/div>\n\t\t<\/div>\n\t\t\t\t\t<\/div>\n\t\t<\/section>\n\t\t\t\t<\/div>\n\t\t","protected":false},"excerpt":{"rendered":"<p>\u00c9ducation th\u00e9rapeutique du patient : Qualit\u00e9 de vie AMYLO-PEP Comprendre et apprendre \u00e0 mieux g\u00e9rer sa maladie L\u2019amylose, sa gestion, ainsi que celle de vos traitements au quotidien, impactent votre autonomie et modifient vos besoins. Afin de vous aider \u00e0 vous adapter \u00e0 ces changements, de r\u00e9pondre \u00e0 vos besoins au quotidien et de vous [&hellip;]<\/p>\n","protected":false},"author":1,"featured_media":0,"parent":86,"menu_order":1,"comment_status":"closed","ping_status":"closed","template":"","meta":{"_monsterinsights_skip_tracking":false,"_monsterinsights_sitenote_active":false,"_monsterinsights_sitenote_note":"","_monsterinsights_sitenote_category":0,"footnotes":""},"categories":[],"tags":[],"class_list":["post-104","page","type-page","status-publish","hentry"],"yoast_head":"<!-- This site is optimized with the Yoast SEO plugin v25.5 - https:\/\/yoast.com\/wordpress\/plugins\/seo\/ -->\n<title>Les Ateliers Qualit\u00e9 de vie AMYLO-PEP - R\u00e9seau Amylose Site Patient<\/title>\n<meta name=\"robots\" content=\"index, follow, max-snippet:-1, max-image-preview:large, max-video-preview:-1\" \/>\n<link rel=\"canonical\" href=\"http:\/\/reseau-amylose.org\/jesuispatient\/mieux-vivre-avec-son-amylose\/ameliorer-la-qualite-de-vie-et-son-autonomie\/\" \/>\n<meta property=\"og:locale\" content=\"fr_FR\" \/>\n<meta property=\"og:type\" content=\"article\" \/>\n<meta property=\"og:title\" content=\"Les Ateliers Qualit\u00e9 de vie AMYLO-PEP - R\u00e9seau Amylose Site Patient\" \/>\n<meta property=\"og:description\" content=\"\u00c9ducation th\u00e9rapeutique du patient : Qualit\u00e9 de vie AMYLO-PEP Comprendre et apprendre \u00e0 mieux g\u00e9rer sa maladie L\u2019amylose, sa gestion, ainsi que celle de vos traitements au quotidien, impactent votre autonomie et modifient vos besoins. Afin de vous aider \u00e0 vous adapter \u00e0 ces changements, de r\u00e9pondre \u00e0 vos besoins au quotidien et de vous [&hellip;]\" \/>\n<meta property=\"og:url\" content=\"http:\/\/reseau-amylose.org\/jesuispatient\/mieux-vivre-avec-son-amylose\/ameliorer-la-qualite-de-vie-et-son-autonomie\/\" \/>\n<meta property=\"og:site_name\" content=\"R\u00e9seau Amylose Site Patient\" \/>\n<meta property=\"article:modified_time\" content=\"2026-01-09T09:04:20+00:00\" \/>\n<meta property=\"og:image\" content=\"https:\/\/reseau-amylose.org\/jesuispatient\/wp-content\/uploads\/sites\/2\/2020\/11\/AMYLOpep.jpg\" \/>\n<meta name=\"twitter:card\" content=\"summary_large_image\" \/>\n<meta name=\"twitter:label1\" content=\"Dur\u00e9e de lecture estim\u00e9e\" \/>\n\t<meta name=\"twitter:data1\" content=\"9 minutes\" \/>\n<script type=\"application\/ld+json\" class=\"yoast-schema-graph\">{\"@context\":\"https:\/\/schema.org\",\"@graph\":[{\"@type\":\"WebPage\",\"@id\":\"http:\/\/reseau-amylose.org\/jesuispatient\/mieux-vivre-avec-son-amylose\/ameliorer-la-qualite-de-vie-et-son-autonomie\/\",\"url\":\"http:\/\/reseau-amylose.org\/jesuispatient\/mieux-vivre-avec-son-amylose\/ameliorer-la-qualite-de-vie-et-son-autonomie\/\",\"name\":\"Les Ateliers Qualit\u00e9 de vie AMYLO-PEP - R\u00e9seau Amylose Site Patient\",\"isPartOf\":{\"@id\":\"https:\/\/reseau-amylose.org\/jesuispatient\/#website\"},\"primaryImageOfPage\":{\"@id\":\"http:\/\/reseau-amylose.org\/jesuispatient\/mieux-vivre-avec-son-amylose\/ameliorer-la-qualite-de-vie-et-son-autonomie\/#primaryimage\"},\"image\":{\"@id\":\"http:\/\/reseau-amylose.org\/jesuispatient\/mieux-vivre-avec-son-amylose\/ameliorer-la-qualite-de-vie-et-son-autonomie\/#primaryimage\"},\"thumbnailUrl\":\"https:\/\/reseau-amylose.org\/jesuispatient\/wp-content\/uploads\/sites\/2\/2020\/11\/AMYLOpep.jpg\",\"datePublished\":\"2018-11-28T11:29:23+00:00\",\"dateModified\":\"2026-01-09T09:04:20+00:00\",\"breadcrumb\":{\"@id\":\"http:\/\/reseau-amylose.org\/jesuispatient\/mieux-vivre-avec-son-amylose\/ameliorer-la-qualite-de-vie-et-son-autonomie\/#breadcrumb\"},\"inLanguage\":\"fr-FR\",\"potentialAction\":[{\"@type\":\"ReadAction\",\"target\":[\"http:\/\/reseau-amylose.org\/jesuispatient\/mieux-vivre-avec-son-amylose\/ameliorer-la-qualite-de-vie-et-son-autonomie\/\"]}]},{\"@type\":\"ImageObject\",\"inLanguage\":\"fr-FR\",\"@id\":\"http:\/\/reseau-amylose.org\/jesuispatient\/mieux-vivre-avec-son-amylose\/ameliorer-la-qualite-de-vie-et-son-autonomie\/#primaryimage\",\"url\":\"https:\/\/reseau-amylose.org\/jesuispatient\/wp-content\/uploads\/sites\/2\/2020\/11\/AMYLOpep.jpg\",\"contentUrl\":\"https:\/\/reseau-amylose.org\/jesuispatient\/wp-content\/uploads\/sites\/2\/2020\/11\/AMYLOpep.jpg\",\"width\":737,\"height\":449},{\"@type\":\"BreadcrumbList\",\"@id\":\"http:\/\/reseau-amylose.org\/jesuispatient\/mieux-vivre-avec-son-amylose\/ameliorer-la-qualite-de-vie-et-son-autonomie\/#breadcrumb\",\"itemListElement\":[{\"@type\":\"ListItem\",\"position\":1,\"name\":\"Accueil\",\"item\":\"https:\/\/reseau-amylose.org\/jesuispatient\/\"},{\"@type\":\"ListItem\",\"position\":2,\"name\":\"Mieux vivre avec une amylose\",\"item\":\"https:\/\/reseau-amylose.org\/jesuispatient\/mieux-vivre-avec-son-amylose\/\"},{\"@type\":\"ListItem\",\"position\":3,\"name\":\"Les Ateliers Qualit\u00e9 de vie AMYLO-PEP\"}]},{\"@type\":\"WebSite\",\"@id\":\"https:\/\/reseau-amylose.org\/jesuispatient\/#website\",\"url\":\"https:\/\/reseau-amylose.org\/jesuispatient\/\",\"name\":\"R\u00e9seau Amylose Site Patient\",\"description\":\"Centre de r\u00e9f\u00e9rence des amyloses cardiaques\",\"potentialAction\":[{\"@type\":\"SearchAction\",\"target\":{\"@type\":\"EntryPoint\",\"urlTemplate\":\"https:\/\/reseau-amylose.org\/jesuispatient\/?s={search_term_string}\"},\"query-input\":{\"@type\":\"PropertyValueSpecification\",\"valueRequired\":true,\"valueName\":\"search_term_string\"}}],\"inLanguage\":\"fr-FR\"}]}<\/script>\n<!-- \/ Yoast SEO plugin. -->","yoast_head_json":{"title":"Les Ateliers Qualit\u00e9 de vie AMYLO-PEP - R\u00e9seau Amylose Site Patient","robots":{"index":"index","follow":"follow","max-snippet":"max-snippet:-1","max-image-preview":"max-image-preview:large","max-video-preview":"max-video-preview:-1"},"canonical":"http:\/\/reseau-amylose.org\/jesuispatient\/mieux-vivre-avec-son-amylose\/ameliorer-la-qualite-de-vie-et-son-autonomie\/","og_locale":"fr_FR","og_type":"article","og_title":"Les Ateliers Qualit\u00e9 de vie AMYLO-PEP - R\u00e9seau Amylose Site Patient","og_description":"\u00c9ducation th\u00e9rapeutique du patient : Qualit\u00e9 de vie AMYLO-PEP Comprendre et apprendre \u00e0 mieux g\u00e9rer sa maladie L\u2019amylose, sa gestion, ainsi que celle de vos traitements au quotidien, impactent votre autonomie et modifient vos besoins. Afin de vous aider \u00e0 vous adapter \u00e0 ces changements, de r\u00e9pondre \u00e0 vos besoins au quotidien et de vous [&hellip;]","og_url":"http:\/\/reseau-amylose.org\/jesuispatient\/mieux-vivre-avec-son-amylose\/ameliorer-la-qualite-de-vie-et-son-autonomie\/","og_site_name":"R\u00e9seau Amylose Site Patient","article_modified_time":"2026-01-09T09:04:20+00:00","og_image":[{"url":"https:\/\/reseau-amylose.org\/jesuispatient\/wp-content\/uploads\/sites\/2\/2020\/11\/AMYLOpep.jpg","type":"","width":"","height":""}],"twitter_card":"summary_large_image","twitter_misc":{"Dur\u00e9e de lecture estim\u00e9e":"9 minutes"},"schema":{"@context":"https:\/\/schema.org","@graph":[{"@type":"WebPage","@id":"http:\/\/reseau-amylose.org\/jesuispatient\/mieux-vivre-avec-son-amylose\/ameliorer-la-qualite-de-vie-et-son-autonomie\/","url":"http:\/\/reseau-amylose.org\/jesuispatient\/mieux-vivre-avec-son-amylose\/ameliorer-la-qualite-de-vie-et-son-autonomie\/","name":"Les Ateliers Qualit\u00e9 de vie AMYLO-PEP - R\u00e9seau Amylose Site Patient","isPartOf":{"@id":"https:\/\/reseau-amylose.org\/jesuispatient\/#website"},"primaryImageOfPage":{"@id":"http:\/\/reseau-amylose.org\/jesuispatient\/mieux-vivre-avec-son-amylose\/ameliorer-la-qualite-de-vie-et-son-autonomie\/#primaryimage"},"image":{"@id":"http:\/\/reseau-amylose.org\/jesuispatient\/mieux-vivre-avec-son-amylose\/ameliorer-la-qualite-de-vie-et-son-autonomie\/#primaryimage"},"thumbnailUrl":"https:\/\/reseau-amylose.org\/jesuispatient\/wp-content\/uploads\/sites\/2\/2020\/11\/AMYLOpep.jpg","datePublished":"2018-11-28T11:29:23+00:00","dateModified":"2026-01-09T09:04:20+00:00","breadcrumb":{"@id":"http:\/\/reseau-amylose.org\/jesuispatient\/mieux-vivre-avec-son-amylose\/ameliorer-la-qualite-de-vie-et-son-autonomie\/#breadcrumb"},"inLanguage":"fr-FR","potentialAction":[{"@type":"ReadAction","target":["http:\/\/reseau-amylose.org\/jesuispatient\/mieux-vivre-avec-son-amylose\/ameliorer-la-qualite-de-vie-et-son-autonomie\/"]}]},{"@type":"ImageObject","inLanguage":"fr-FR","@id":"http:\/\/reseau-amylose.org\/jesuispatient\/mieux-vivre-avec-son-amylose\/ameliorer-la-qualite-de-vie-et-son-autonomie\/#primaryimage","url":"https:\/\/reseau-amylose.org\/jesuispatient\/wp-content\/uploads\/sites\/2\/2020\/11\/AMYLOpep.jpg","contentUrl":"https:\/\/reseau-amylose.org\/jesuispatient\/wp-content\/uploads\/sites\/2\/2020\/11\/AMYLOpep.jpg","width":737,"height":449},{"@type":"BreadcrumbList","@id":"http:\/\/reseau-amylose.org\/jesuispatient\/mieux-vivre-avec-son-amylose\/ameliorer-la-qualite-de-vie-et-son-autonomie\/#breadcrumb","itemListElement":[{"@type":"ListItem","position":1,"name":"Accueil","item":"https:\/\/reseau-amylose.org\/jesuispatient\/"},{"@type":"ListItem","position":2,"name":"Mieux vivre avec une amylose","item":"https:\/\/reseau-amylose.org\/jesuispatient\/mieux-vivre-avec-son-amylose\/"},{"@type":"ListItem","position":3,"name":"Les Ateliers Qualit\u00e9 de vie AMYLO-PEP"}]},{"@type":"WebSite","@id":"https:\/\/reseau-amylose.org\/jesuispatient\/#website","url":"https:\/\/reseau-amylose.org\/jesuispatient\/","name":"R\u00e9seau Amylose Site Patient","description":"Centre de r\u00e9f\u00e9rence des amyloses cardiaques","potentialAction":[{"@type":"SearchAction","target":{"@type":"EntryPoint","urlTemplate":"https:\/\/reseau-amylose.org\/jesuispatient\/?s={search_term_string}"},"query-input":{"@type":"PropertyValueSpecification","valueRequired":true,"valueName":"search_term_string"}}],"inLanguage":"fr-FR"}]}},"_links":{"self":[{"href":"https:\/\/reseau-amylose.org\/jesuispatient\/wp-json\/wp\/v2\/pages\/104","targetHints":{"allow":["GET"]}}],"collection":[{"href":"https:\/\/reseau-amylose.org\/jesuispatient\/wp-json\/wp\/v2\/pages"}],"about":[{"href":"https:\/\/reseau-amylose.org\/jesuispatient\/wp-json\/wp\/v2\/types\/page"}],"author":[{"embeddable":true,"href":"https:\/\/reseau-amylose.org\/jesuispatient\/wp-json\/wp\/v2\/users\/1"}],"replies":[{"embeddable":true,"href":"https:\/\/reseau-amylose.org\/jesuispatient\/wp-json\/wp\/v2\/comments?post=104"}],"version-history":[{"count":62,"href":"https:\/\/reseau-amylose.org\/jesuispatient\/wp-json\/wp\/v2\/pages\/104\/revisions"}],"predecessor-version":[{"id":4357,"href":"https:\/\/reseau-amylose.org\/jesuispatient\/wp-json\/wp\/v2\/pages\/104\/revisions\/4357"}],"up":[{"embeddable":true,"href":"https:\/\/reseau-amylose.org\/jesuispatient\/wp-json\/wp\/v2\/pages\/86"}],"wp:attachment":[{"href":"https:\/\/reseau-amylose.org\/jesuispatient\/wp-json\/wp\/v2\/media?parent=104"}],"wp:term":[{"taxonomy":"category","embeddable":true,"href":"https:\/\/reseau-amylose.org\/jesuispatient\/wp-json\/wp\/v2\/categories?post=104"},{"taxonomy":"post_tag","embeddable":true,"href":"https:\/\/reseau-amylose.org\/jesuispatient\/wp-json\/wp\/v2\/tags?post=104"}],"curies":[{"name":"wp","href":"https:\/\/api.w.org\/{rel}","templated":true}]}}